{"id":9082,"date":"2022-05-06T14:45:18","date_gmt":"2022-05-06T14:45:18","guid":{"rendered":"https:\/\/ventoleradelsur.com\/?page_id=9082"},"modified":"2022-05-06T14:46:06","modified_gmt":"2022-05-06T14:46:06","slug":"aviso-legal","status":"publish","type":"page","link":"https:\/\/ventoleradelsur.com\/pt\/aviso-legal\/","title":{"rendered":"Aviso Legal"},"content":{"rendered":"<p>Leia todas as se\u00e7\u00f5es deste aviso legal e nossa pol\u00edtica de privacidade antes de usar este site. As seguintes condi\u00e7\u00f5es s\u00e3o obrigat\u00f3rias para qualquer usu\u00e1rio do mesmo.<\/p>\n<p>Em cumprimento do dever de informa\u00e7\u00e3o previsto na Lei 34\/2002 sobre Servi\u00e7os da Sociedade da Informa\u00e7\u00e3o e Com\u00e9rcio Electr\u00f3nico (LSSI-CE) de 11 de julho, s\u00e3o fornecidos abaixo os seguintes dados de informa\u00e7\u00e3o geral deste website.<\/p>\n<p>O motivo deste texto \u00e9 explicar detalhadamente as funcionalidades deste site e fornecer todas as informa\u00e7\u00f5es relacionadas ao respons\u00e1vel e a finalidade dos conte\u00fados nele inclu\u00eddos.<\/p>\n<p><strong>DADOS DE IDENTIFICA\u00c7\u00c3O<\/strong><\/p>\n<p>Este aviso legal e pol\u00edtica de privacidade regula o uso do servi\u00e7o PORTAL da Internet, Federa\u00e7\u00e3o de Associa\u00e7\u00f5es de Bairros de Ventolera del Sur, informando-o em cumprimento \u00e0 Lei 34\/2002, de 11 de julho, sobre servi\u00e7os da sociedade da informa\u00e7\u00e3o e com\u00e9rcio eletr\u00f4nico, o seguinte:<\/p>\n<ul>\n<li>Raz\u00e3o social do respons\u00e1vel: Federa\u00e7\u00e3o das Associa\u00e7\u00f5es de Moradores Ventolera del Sur<\/li>\n<li>CIF: G-35412121 e endere\u00e7o em C\/ COLON ESQ. ILHA GRACIOSA. PR\u00c9DIO O CORREDOR LOC. 7, MOD. 1, 35110, Bairro, Las Palmas.<\/li>\n<li>Voc\u00ea pode entrar em contato conosco nas diferentes \u00e1reas indicadas na se\u00e7\u00e3o &quot;Fale conosco&quot; ou especificadas em cada se\u00e7\u00e3o do nosso portal.<\/li>\n<\/ul>\n<p><strong>I.- CONDI\u00c7\u00d5ES GERAIS DE USO DO PORTAL<\/strong><\/p>\n<p>Pedimos que leia atentamente os termos e orienta\u00e7\u00f5es para acessar este endere\u00e7o e qualquer p\u00e1gina ou link nele inserido. Em caso de acesso voc\u00ea concorda em cumprir os termos e condi\u00e7\u00f5es que aparecem abaixo.<\/p>\n<p>A Federa\u00e7\u00e3o de Associa\u00e7\u00f5es de Bairro Ventolera del Sur reserva-se o direito de modificar unilateralmente a configura\u00e7\u00e3o desta p\u00e1gina ou os servi\u00e7os nela prestados, a qualquer momento e sem aviso pr\u00e9vio. Se voc\u00ea n\u00e3o concordar com os seguintes termos ou condi\u00e7\u00f5es, n\u00e3o acesse este endere\u00e7o ou qualquer p\u00e1gina ou link para ele.<\/p>\n<p><strong>II.- DIREITOS AUTORAIS<\/strong><\/p>\n<p>Os logotipos da Federa\u00e7\u00e3o das Associa\u00e7\u00f5es de Moradores de Ventolera del Sur s\u00e3o marcas registradas e identificadoras dos servi\u00e7os prestados. Da mesma forma, a Federa\u00e7\u00e3o de Associa\u00e7\u00f5es de Moradores de Ventolera del Sur pode reivindicar direitos de marca e marcas de servi\u00e7o de identifica\u00e7\u00e3o sobre as marcas que pertencem ao seu grupo e aparecem no site.<\/p>\n<p><strong>III.- MARCAS REGISTRADAS<\/strong><\/p>\n<p>Los Derechos de Propiedad Intelectual de estas p\u00e1ginas, de las pantallas que muestran estas p\u00e1ginas, y de la informaci\u00f3n y material que aparecen en las mismas, as\u00ed como de su disposici\u00f3n, pertenecen a Federaci\u00f3n de Asociaciones de Vecinos Ventolera del Sur, salvo que se indique o contr\u00e1rio.<\/p>\n<p><strong>IV.- CONDI\u00c7\u00d5ES DE USO DA P\u00c1GINA WEB<\/strong><\/p>\n<p>O conte\u00fado deste site \u00e9 protegido pelas leis de propriedade intelectual. Os referidos conte\u00fados devem ser utilizados de forma correcta e l\u00edcita pelo utilizador e, em particular, est\u00e3o obrigados a utilizar os referidos conte\u00fados de forma diligente, correcta e l\u00edcita.<\/p>\n<p>Os conte\u00fados n\u00e3o podem ser utilizados em desacordo com a lei, a moral ou os bons costumes aceites na ordem p\u00fablica.<\/p>\n<p>\u00c9 proibida a transmiss\u00e3o de qualquer tipo de dados que voc\u00ea possa fazer a este site, ou a outros pertencentes \u00e0 Federa\u00e7\u00e3o de Associa\u00e7\u00f5es de Moradores de Ventolera del Sur cujos links voc\u00ea possa encontrar nesta p\u00e1gina, que violem os direitos de propriedade de terceiros. , pornogr\u00e1fico, difamat\u00f3rio, de natureza amea\u00e7adora ou material que possa ser considerado crime ou contraven\u00e7\u00e3o nos termos do C\u00f3digo Penal vigente.<\/p>\n<p>\u00c9 proibida a reprodu\u00e7\u00e3o, c\u00f3pia, distribui\u00e7\u00e3o, transforma\u00e7\u00e3o ou modifica\u00e7\u00e3o de conte\u00fados (textos, imagens, vozes ou estrutura) salvo autoriza\u00e7\u00e3o expressa por escrito do titular dos direitos adquiridos.<\/p>\n<p><strong>V.- RESPONSABILIDADE POR DANOS<\/strong><\/p>\n<p>O usu\u00e1rio do site da Federa\u00e7\u00e3o de Associa\u00e7\u00f5es de Bairros de Ventolera del Sur ou de qualquer um dos sites de empresas afiliadas ser\u00e1 respons\u00e1vel pelos Danos que os Especialistas Web possam sofrer direta ou indiretamente, como resultado do incumprimento de qualquer das obriga\u00e7\u00f5es derivadas estabelecido neste Aviso Legal.<\/p>\n<p><strong>VI.- LIMITE DE RESPONSABILIDADE<\/strong><\/p>\n<p>Em nenhum caso a Federa\u00e7\u00e3o das Associa\u00e7\u00f5es de Bairro de Ventolera del Sur, nem qualquer de suas afiliadas, ser\u00e1 respons\u00e1vel por qualquer dano, incluindo, sem limita\u00e7\u00e3o, danos diretos, indiretos, inerentes ou consequentes, perdas ou despesas decorrentes do uso deste site ou de os links com outras p\u00e1ginas coletadas aqui.<\/p>\n<p>Em qualquer caso, se exigido por ordem judicial, a Federa\u00e7\u00e3o das Associa\u00e7\u00f5es de Moradores de Ventolera del Sur colaborar\u00e1 com as autoridades competentes na identifica\u00e7\u00e3o dos respons\u00e1veis pelos conte\u00fados que possam violar a lei.<\/p>\n<p>Da mesma forma, a Federa\u00e7\u00e3o de Associa\u00e7\u00f5es de Moradores de Ventolera del Sur e, portanto, suas subsidi\u00e1rias, exime-se de qualquer responsabilidade em caso de falha de desempenho, erro, omiss\u00e3o, interrup\u00e7\u00e3o, defeito de atraso na opera\u00e7\u00e3o de transmiss\u00e3o, v\u00edrus de computador, erro do sistema ou linha, bem como no conte\u00fado, precis\u00e3o e opini\u00f5es expressas e outras conex\u00f5es fornecidas por esses meios.<\/p>\n<p>O site da Federa\u00e7\u00e3o de Associa\u00e7\u00f5es de Moradores de Ventolera del Sur se conecta com certos links a outras p\u00e1ginas da web que pertencem a terceiros sobre os quais a Federa\u00e7\u00e3o de Associa\u00e7\u00f5es de Moradores de Ventolera del Sur n\u00e3o tem controle. Nestes casos, a Federa\u00e7\u00e3o de Associa\u00e7\u00f5es de Bairro Ventolera del Sur n\u00e3o assume qualquer responsabilidade ou compromisso pelas informa\u00e7\u00f5es contidas nestas p\u00e1ginas.<\/p>","protected":false},"excerpt":{"rendered":"<p>Por favor, lea todos los apartados del presente aviso legal y nuestra pol\u00edtica de privacidad antes de utilizar este sitio web. Las siguientes condiciones son vinculantes para cualquier usuario del mismo. En cumplimiento con el deber de informaci\u00f3n dispuesto en la Ley 34\/2002 de Servicios de la Sociedad de la Informaci\u00f3n y el Comercio Electr\u00f3nico [&hellip;]<\/p>","protected":false},"author":1,"featured_media":0,"parent":0,"menu_order":0,"comment_status":"closed","ping_status":"closed","template":"","meta":{"footnotes":""},"yoast_head":"<!-- This site is optimized with the Yoast SEO Premium plugin v18.0 (Yoast SEO v22.2) - https:\/\/yoast.com\/wordpress\/plugins\/seo\/ -->\n<title>Aviso legal - Federaci\u00f3n Ventolera del Sur<\/title>\n<meta name=\"robots\" content=\"index, follow, max-snippet:-1, max-image-preview:large, max-video-preview:-1\" \/>\n<link rel=\"canonical\" href=\"https:\/\/ventoleradelsur.com\/pt\/aviso-legal\/\" \/>\n<meta property=\"og:locale\" content=\"pt_PT\" \/>\n<meta property=\"og:type\" content=\"article\" \/>\n<meta property=\"og:title\" content=\"Aviso legal\" \/>\n<meta property=\"og:description\" content=\"Por favor, lea todos los apartados del presente aviso legal y nuestra pol\u00edtica de privacidad antes de utilizar este sitio web. Las siguientes condiciones son vinculantes para cualquier usuario del mismo. En cumplimiento con el deber de informaci\u00f3n dispuesto en la Ley 34\/2002 de Servicios de la Sociedad de la Informaci\u00f3n y el Comercio Electr\u00f3nico [&hellip;]\" \/>\n<meta property=\"og:url\" content=\"https:\/\/ventoleradelsur.com\/pt\/aviso-legal\/\" \/>\n<meta property=\"og:site_name\" content=\"Federaci\u00f3n Ventolera del Sur\" \/>\n<meta property=\"article:publisher\" content=\"https:\/\/www.facebook.com\/FederacionVentoleradelSur\" \/>\n<meta property=\"article:modified_time\" content=\"2022-05-06T14:46:06+00:00\" \/>\n<meta property=\"og:image\" content=\"https:\/\/ventoleradelsur.com\/wp-content\/uploads\/2022\/03\/Slider-Ventolera-Redes.jpg\" \/>\n\t<meta property=\"og:image:width\" content=\"1200\" \/>\n\t<meta property=\"og:image:height\" content=\"453\" \/>\n\t<meta property=\"og:image:type\" content=\"image\/jpeg\" \/>\n<meta name=\"twitter:card\" content=\"summary_large_image\" \/>\n<meta name=\"twitter:label1\" content=\"Tempo estimado de leitura\" \/>\n\t<meta name=\"twitter:data1\" content=\"5 minutos\" \/>\n<script type=\"application\/ld+json\" class=\"yoast-schema-graph\">{\"@context\":\"https:\/\/schema.org\",\"@graph\":[{\"@type\":\"WebPage\",\"@id\":\"https:\/\/ventoleradelsur.com\/aviso-legal\/\",\"url\":\"https:\/\/ventoleradelsur.com\/aviso-legal\/\",\"name\":\"Aviso legal - Federaci\u00f3n Ventolera del Sur\",\"isPartOf\":{\"@id\":\"https:\/\/ventoleradelsur.com\/#website\"},\"datePublished\":\"2022-05-06T14:45:18+00:00\",\"dateModified\":\"2022-05-06T14:46:06+00:00\",\"breadcrumb\":{\"@id\":\"https:\/\/ventoleradelsur.com\/aviso-legal\/#breadcrumb\"},\"inLanguage\":\"pt-PT\",\"potentialAction\":[{\"@type\":\"ReadAction\",\"target\":[\"https:\/\/ventoleradelsur.com\/aviso-legal\/\"]}]},{\"@type\":\"BreadcrumbList\",\"@id\":\"https:\/\/ventoleradelsur.com\/aviso-legal\/#breadcrumb\",\"itemListElement\":[{\"@type\":\"ListItem\",\"position\":1,\"name\":\"Portada\",\"item\":\"https:\/\/ventoleradelsur.com\/\"},{\"@type\":\"ListItem\",\"position\":2,\"name\":\"Aviso legal\"}]},{\"@type\":\"WebSite\",\"@id\":\"https:\/\/ventoleradelsur.com\/#website\",\"url\":\"https:\/\/ventoleradelsur.com\/\",\"name\":\"Federaci\u00f3n Ventolera del Sur\",\"description\":\"Federaci\u00f3n de Asociaciones Vecinales del municipio de Santa Luc\u00eda de Tirajana\",\"publisher\":{\"@id\":\"https:\/\/ventoleradelsur.com\/#organization\"},\"potentialAction\":[{\"@type\":\"SearchAction\",\"target\":{\"@type\":\"EntryPoint\",\"urlTemplate\":\"https:\/\/ventoleradelsur.com\/?s={search_term_string}\"},\"query-input\":\"required name=search_term_string\"}],\"inLanguage\":\"pt-PT\"},{\"@type\":\"Organization\",\"@id\":\"https:\/\/ventoleradelsur.com\/#organization\",\"name\":\"Ventolera del Sur\",\"url\":\"https:\/\/ventoleradelsur.com\/\",\"logo\":{\"@type\":\"ImageObject\",\"inLanguage\":\"pt-PT\",\"@id\":\"https:\/\/ventoleradelsur.com\/#\/schema\/logo\/image\/\",\"url\":\"https:\/\/ventoleradelsur.com\/wp-content\/uploads\/2020\/07\/ventolera-del-sur-logo.png\",\"contentUrl\":\"https:\/\/ventoleradelsur.com\/wp-content\/uploads\/2020\/07\/ventolera-del-sur-logo.png\",\"width\":600,\"height\":264,\"caption\":\"Ventolera del Sur\"},\"image\":{\"@id\":\"https:\/\/ventoleradelsur.com\/#\/schema\/logo\/image\/\"},\"sameAs\":[\"https:\/\/www.facebook.com\/FederacionVentoleradelSur\",\"https:\/\/www.instagram.com\/federacionventoleradel\/\"]}]}<\/script>\n<!-- \/ Yoast SEO Premium plugin. -->","yoast_head_json":{"title":"Aviso legal - Federaci\u00f3n Ventolera del Sur","robots":{"index":"index","follow":"follow","max-snippet":"max-snippet:-1","max-image-preview":"max-image-preview:large","max-video-preview":"max-video-preview:-1"},"canonical":"https:\/\/ventoleradelsur.com\/pt\/aviso-legal\/","og_locale":"pt_PT","og_type":"article","og_title":"Aviso legal","og_description":"Por favor, lea todos los apartados del presente aviso legal y nuestra pol\u00edtica de privacidad antes de utilizar este sitio web. Las siguientes condiciones son vinculantes para cualquier usuario del mismo. En cumplimiento con el deber de informaci\u00f3n dispuesto en la Ley 34\/2002 de Servicios de la Sociedad de la Informaci\u00f3n y el Comercio Electr\u00f3nico [&hellip;]","og_url":"https:\/\/ventoleradelsur.com\/pt\/aviso-legal\/","og_site_name":"Federaci\u00f3n Ventolera del Sur","article_publisher":"https:\/\/www.facebook.com\/FederacionVentoleradelSur","article_modified_time":"2022-05-06T14:46:06+00:00","og_image":[{"width":1200,"height":453,"url":"https:\/\/ventoleradelsur.com\/wp-content\/uploads\/2022\/03\/Slider-Ventolera-Redes.jpg","type":"image\/jpeg"}],"twitter_card":"summary_large_image","twitter_misc":{"Tempo estimado de leitura":"5 minutos"},"schema":{"@context":"https:\/\/schema.org","@graph":[{"@type":"WebPage","@id":"https:\/\/ventoleradelsur.com\/aviso-legal\/","url":"https:\/\/ventoleradelsur.com\/aviso-legal\/","name":"Aviso legal - Federaci\u00f3n Ventolera del Sur","isPartOf":{"@id":"https:\/\/ventoleradelsur.com\/#website"},"datePublished":"2022-05-06T14:45:18+00:00","dateModified":"2022-05-06T14:46:06+00:00","breadcrumb":{"@id":"https:\/\/ventoleradelsur.com\/aviso-legal\/#breadcrumb"},"inLanguage":"pt-PT","potentialAction":[{"@type":"ReadAction","target":["https:\/\/ventoleradelsur.com\/aviso-legal\/"]}]},{"@type":"BreadcrumbList","@id":"https:\/\/ventoleradelsur.com\/aviso-legal\/#breadcrumb","itemListElement":[{"@type":"ListItem","position":1,"name":"Portada","item":"https:\/\/ventoleradelsur.com\/"},{"@type":"ListItem","position":2,"name":"Aviso legal"}]},{"@type":"WebSite","@id":"https:\/\/ventoleradelsur.com\/#website","url":"https:\/\/ventoleradelsur.com\/","name":"Federaci\u00f3n Ventolera del Sur","description":"Federaci\u00f3n de Asociaciones Vecinales del municipio de Santa Luc\u00eda de Tirajana","publisher":{"@id":"https:\/\/ventoleradelsur.com\/#organization"},"potentialAction":[{"@type":"SearchAction","target":{"@type":"EntryPoint","urlTemplate":"https:\/\/ventoleradelsur.com\/?s={search_term_string}"},"query-input":"required name=search_term_string"}],"inLanguage":"pt-PT"},{"@type":"Organization","@id":"https:\/\/ventoleradelsur.com\/#organization","name":"Ventolera del Sur","url":"https:\/\/ventoleradelsur.com\/","logo":{"@type":"ImageObject","inLanguage":"pt-PT","@id":"https:\/\/ventoleradelsur.com\/#\/schema\/logo\/image\/","url":"https:\/\/ventoleradelsur.com\/wp-content\/uploads\/2020\/07\/ventolera-del-sur-logo.png","contentUrl":"https:\/\/ventoleradelsur.com\/wp-content\/uploads\/2020\/07\/ventolera-del-sur-logo.png","width":600,"height":264,"caption":"Ventolera del Sur"},"image":{"@id":"https:\/\/ventoleradelsur.com\/#\/schema\/logo\/image\/"},"sameAs":["https:\/\/www.facebook.com\/FederacionVentoleradelSur","https:\/\/www.instagram.com\/federacionventoleradel\/"]}]}},"_links":{"self":[{"href":"https:\/\/ventoleradelsur.com\/pt\/wp-json\/wp\/v2\/pages\/9082"}],"collection":[{"href":"https:\/\/ventoleradelsur.com\/pt\/wp-json\/wp\/v2\/pages"}],"about":[{"href":"https:\/\/ventoleradelsur.com\/pt\/wp-json\/wp\/v2\/types\/page"}],"author":[{"embeddable":true,"href":"https:\/\/ventoleradelsur.com\/pt\/wp-json\/wp\/v2\/users\/1"}],"replies":[{"embeddable":true,"href":"https:\/\/ventoleradelsur.com\/pt\/wp-json\/wp\/v2\/comments?post=9082"}],"version-history":[{"count":0,"href":"https:\/\/ventoleradelsur.com\/pt\/wp-json\/wp\/v2\/pages\/9082\/revisions"}],"wp:attachment":[{"href":"https:\/\/ventoleradelsur.com\/pt\/wp-json\/wp\/v2\/media?parent=9082"}],"curies":[{"name":"wp","href":"https:\/\/api.w.org\/{rel}","templated":true}]}}