{"id":9082,"date":"2022-05-06T14:45:18","date_gmt":"2022-05-06T14:45:18","guid":{"rendered":"https:\/\/ventoleradelsur.com\/?page_id=9082"},"modified":"2022-05-06T14:46:06","modified_gmt":"2022-05-06T14:46:06","slug":"aviso-legal","status":"publish","type":"page","link":"https:\/\/ventoleradelsur.com\/fr\/aviso-legal\/","title":{"rendered":"Avis juridique"},"content":{"rendered":"<p>Veuillez lire toutes les sections de cet avis juridique et notre politique de confidentialit\u00e9 avant d&#039;utiliser ce site Web. Les conditions suivantes sont contraignantes pour tout utilisateur de celui-ci.<\/p>\n<p>Conform\u00e9ment \u00e0 l&#039;obligation d&#039;information pr\u00e9vue par la loi 34\/2002 sur les services de la soci\u00e9t\u00e9 de l&#039;information et du commerce \u00e9lectronique (LSSI-CE) du 11 juillet, les donn\u00e9es d&#039;information g\u00e9n\u00e9rales suivantes de ce site Web sont fournies ci-dessous.<\/p>\n<p>La raison de ce texte est d&#039;expliquer en d\u00e9tail les fonctionnalit\u00e9s de ce site Web et de vous fournir toutes les informations relatives au responsable et \u00e0 la finalit\u00e9 du contenu qui y est inclus.<\/p>\n<p><strong>DONNEES D&#039;IDENTIFICATION<\/strong><\/p>\n<p>Les pr\u00e9sentes mentions l\u00e9gales et politique de confidentialit\u00e9 r\u00e9glementent l&#039;utilisation du service PORTAIL Internet, F\u00e9d\u00e9ration des associations de quartier de Ventolera del Sur, en vous informant conform\u00e9ment \u00e0 la loi 34\/2002, du 11 juillet, sur les services de la soci\u00e9t\u00e9 de l&#039;information et du commerce \u00e9lectronique, ce qui suit :<\/p>\n<ul>\n<li>D\u00e9nomination sociale du responsable\u00a0: F\u00e9d\u00e9ration des associations de quartier Ventolera del Sur<\/li>\n<li>CIF : G-35412121 et adresse \u00e0 C\/ COLON ESQ. \u00ceLE GRACIEUX. IMMEUBLE LE COULOIR LOC. 7, mod. 1, 35110, Quartier, Las Palmas.<\/li>\n<li>Vous pouvez nous contacter dans les diff\u00e9rents domaines indiqu\u00e9s dans la section &quot;Contactez-nous&quot; ou sp\u00e9cifi\u00e9s dans chaque section de notre portail.<\/li>\n<\/ul>\n<p><strong>I.- CONDITIONS G\u00c9N\u00c9RALES D&#039;UTILISATION DU PORTAIL<\/strong><\/p>\n<p>Nous vous demandons de lire attentivement les modalit\u00e9s et conseils pour acc\u00e9der \u00e0 cette adresse et \u00e0 toute page ou lien qui y est ins\u00e9r\u00e9. En cas d&#039;acc\u00e8s, vous vous engagez \u00e0 respecter les termes et conditions qui apparaissent ci-dessous.<\/p>\n<p>La F\u00e9d\u00e9ration des associations de quartier Ventolera del Sur se r\u00e9serve le droit de modifier unilat\u00e9ralement la configuration de cette page ou les services qui y sont fournis, \u00e0 tout moment et sans pr\u00e9avis. Si vous n&#039;\u00eates pas d&#039;accord avec les termes ou conditions suivants, veuillez ne pas acc\u00e9der \u00e0 cette adresse ou \u00e0 toute page ou lien vers celle-ci.<\/p>\n<p><strong>II.- COPYRIGHT<\/strong><\/p>\n<p>Les logos de la F\u00e9d\u00e9ration des associations de quartier de Ventolera del Sur sont des marques d\u00e9pos\u00e9es et identifiantes des services fournis. De m\u00eame, la F\u00e9d\u00e9ration des associations de quartier de Ventolera del Sur peut revendiquer des droits de marque et des marques de service d&#039;identification sur les marques appartenant \u00e0 son groupe et apparaissant sur le site Web.<\/p>\n<p><strong>III.- MARQUES D\u00c9POS\u00c9ES<\/strong><\/p>\n<p>Los Derechos de Propiedad Intelectual de estas p\u00e1ginas, de las pantallas que muestran estas p\u00e1ginas, y de la informaci\u00f3n y material que aparecen en las mismas, as\u00ed como de su disposici\u00f3n, pertenecen a Federaci\u00f3n de Asociaciones de Vecinos Ventolera del Sur, salvo que se indique le contraire.<\/p>\n<p><strong>IV.- CONDITIONS D&#039;UTILISATION DE LA PAGE WEB<\/strong><\/p>\n<p>Le contenu de ce site est prot\u00e9g\u00e9 par les lois sur la propri\u00e9t\u00e9 intellectuelle. Lesdits contenus doivent \u00eatre utilis\u00e9s correctement et licitement par l&#039;utilisateur et, en particulier, ils sont tenus d&#039;utiliser lesdits contenus avec diligence, correctement et licitement.<\/p>\n<p>Le contenu ne peut \u00eatre utilis\u00e9 contrairement \u00e0 la loi, la morale ou les bonnes m\u0153urs accept\u00e9es dans l&#039;ordre public.<\/p>\n<p>La transmission de tout type de donn\u00e9es que vous pourriez apporter \u00e0 ce site Web, ou \u00e0 d&#039;autres appartenant \u00e0 la F\u00e9d\u00e9ration des associations de quartier Ventolera del Sur dont vous pouvez trouver les liens sur cette page, qui viole les droits de propri\u00e9t\u00e9 de tiers, est interdite. , pornographiques, diffamatoires, \u00e0 caract\u00e8re mena\u00e7ant ou pouvant \u00eatre consid\u00e9r\u00e9s comme un crime ou un d\u00e9lit en vertu du Code p\u00e9nal en vigueur.<\/p>\n<p>La reproduction, la copie, la distribution, la transformation ou la modification du contenu (textes, images, voix ou structure) est interdite sauf autorisation \u00e9crite expresse du titulaire des droits acquis.<\/p>\n<p><strong>V.- RESPONSABILIT\u00c9 POUR LES DOMMAGES<\/strong><\/p>\n<p>L&#039;utilisateur du site Web de la F\u00e9d\u00e9ration des associations de quartier de Ventolera del Sur ou de l&#039;un des sites Web des soci\u00e9t\u00e9s affili\u00e9es sera responsable des dommages que les sp\u00e9cialistes du Web pourraient subir directement ou indirectement, \u00e0 la suite de la violation de l&#039;une des obligations d\u00e9riv\u00e9es. \u00e9tabli dans le pr\u00e9sent avis juridique.<\/p>\n<p><strong>VI.- LIMITE DE RESPONSABILITE<\/strong><\/p>\n<p>En aucun cas, la F\u00e9d\u00e9ration des associations de quartier de Ventolera del Sur, ni aucun de ses affili\u00e9s, ne sera responsable de tout dommage, y compris, sans s&#039;y limiter, les dommages directs, indirects, inh\u00e9rents ou cons\u00e9cutifs, les pertes ou les d\u00e9penses d\u00e9coulant de l&#039;utilisation de ce site Web ou de les liens avec d&#039;autres pages collect\u00e9es ici.<\/p>\n<p>Dans tous les cas, si une ordonnance du tribunal l&#039;exige, la F\u00e9d\u00e9ration des associations de quartier de Ventolera del Sur collaborera avec les autorit\u00e9s comp\u00e9tentes dans l&#039;identification des personnes responsables de ces contenus susceptibles de violer la loi.<\/p>\n<p>De m\u00eame, la F\u00e9d\u00e9ration des associations de quartier de Ventolera del Sur, et donc ses filiales, d\u00e9clinent toute responsabilit\u00e9 en cas de d\u00e9faillance d&#039;ex\u00e9cution, d&#039;erreur, d&#039;omission, d&#039;interruption, de d\u00e9faut ou de retard dans l&#039;op\u00e9ration de transmission, de virus informatique, d&#039;erreur du syst\u00e8me ou de la ligne, ainsi que dans le contenu, l&#039;exactitude et les opinions exprim\u00e9es et autres connexions fournies par ces moyens.<\/p>\n<p>Le site Web de la F\u00e9d\u00e9ration des associations de quartier de Ventolera del Sur se connecte avec certains liens vers d&#039;autres pages Web appartenant \u00e0 des tiers sur lesquels la F\u00e9d\u00e9ration des associations de quartier de Ventolera del Sur n&#039;a aucun contr\u00f4le. Dans ces cas, la F\u00e9d\u00e9ration des associations de quartier Ventolera del Sur n&#039;assume aucune responsabilit\u00e9 ni engagement pour les informations contenues dans ces pages.<\/p>","protected":false},"excerpt":{"rendered":"<p>Por favor, lea todos los apartados del presente aviso legal y nuestra pol\u00edtica de privacidad antes de utilizar este sitio web. Las siguientes condiciones son vinculantes para cualquier usuario del mismo. En cumplimiento con el deber de informaci\u00f3n dispuesto en la Ley 34\/2002 de Servicios de la Sociedad de la Informaci\u00f3n y el Comercio Electr\u00f3nico [&hellip;]<\/p>","protected":false},"author":1,"featured_media":0,"parent":0,"menu_order":0,"comment_status":"closed","ping_status":"closed","template":"","meta":{"footnotes":""},"yoast_head":"<!-- This site is optimized with the Yoast SEO Premium plugin v18.0 (Yoast SEO v22.2) - https:\/\/yoast.com\/wordpress\/plugins\/seo\/ -->\n<title>Aviso legal - Federaci\u00f3n Ventolera del Sur<\/title>\n<meta name=\"robots\" content=\"index, follow, max-snippet:-1, max-image-preview:large, max-video-preview:-1\" \/>\n<link rel=\"canonical\" href=\"https:\/\/ventoleradelsur.com\/fr\/aviso-legal\/\" \/>\n<meta property=\"og:locale\" content=\"fr_FR\" \/>\n<meta property=\"og:type\" content=\"article\" \/>\n<meta property=\"og:title\" content=\"Aviso legal\" \/>\n<meta property=\"og:description\" content=\"Por favor, lea todos los apartados del presente aviso legal y nuestra pol\u00edtica de privacidad antes de utilizar este sitio web. Las siguientes condiciones son vinculantes para cualquier usuario del mismo. En cumplimiento con el deber de informaci\u00f3n dispuesto en la Ley 34\/2002 de Servicios de la Sociedad de la Informaci\u00f3n y el Comercio Electr\u00f3nico [&hellip;]\" \/>\n<meta property=\"og:url\" content=\"https:\/\/ventoleradelsur.com\/fr\/aviso-legal\/\" \/>\n<meta property=\"og:site_name\" content=\"Federaci\u00f3n Ventolera del Sur\" \/>\n<meta property=\"article:publisher\" content=\"https:\/\/www.facebook.com\/FederacionVentoleradelSur\" \/>\n<meta property=\"article:modified_time\" content=\"2022-05-06T14:46:06+00:00\" \/>\n<meta property=\"og:image\" content=\"https:\/\/ventoleradelsur.com\/wp-content\/uploads\/2022\/03\/Slider-Ventolera-Redes.jpg\" \/>\n\t<meta property=\"og:image:width\" content=\"1200\" \/>\n\t<meta property=\"og:image:height\" content=\"453\" \/>\n\t<meta property=\"og:image:type\" content=\"image\/jpeg\" \/>\n<meta name=\"twitter:card\" content=\"summary_large_image\" \/>\n<meta name=\"twitter:label1\" content=\"Dur\u00e9e de lecture estim\u00e9e\" \/>\n\t<meta name=\"twitter:data1\" content=\"5 minutes\" \/>\n<script type=\"application\/ld+json\" class=\"yoast-schema-graph\">{\"@context\":\"https:\/\/schema.org\",\"@graph\":[{\"@type\":\"WebPage\",\"@id\":\"https:\/\/ventoleradelsur.com\/aviso-legal\/\",\"url\":\"https:\/\/ventoleradelsur.com\/aviso-legal\/\",\"name\":\"Aviso legal - Federaci\u00f3n Ventolera del Sur\",\"isPartOf\":{\"@id\":\"https:\/\/ventoleradelsur.com\/#website\"},\"datePublished\":\"2022-05-06T14:45:18+00:00\",\"dateModified\":\"2022-05-06T14:46:06+00:00\",\"breadcrumb\":{\"@id\":\"https:\/\/ventoleradelsur.com\/aviso-legal\/#breadcrumb\"},\"inLanguage\":\"fr-FR\",\"potentialAction\":[{\"@type\":\"ReadAction\",\"target\":[\"https:\/\/ventoleradelsur.com\/aviso-legal\/\"]}]},{\"@type\":\"BreadcrumbList\",\"@id\":\"https:\/\/ventoleradelsur.com\/aviso-legal\/#breadcrumb\",\"itemListElement\":[{\"@type\":\"ListItem\",\"position\":1,\"name\":\"Portada\",\"item\":\"https:\/\/ventoleradelsur.com\/\"},{\"@type\":\"ListItem\",\"position\":2,\"name\":\"Aviso legal\"}]},{\"@type\":\"WebSite\",\"@id\":\"https:\/\/ventoleradelsur.com\/#website\",\"url\":\"https:\/\/ventoleradelsur.com\/\",\"name\":\"Federaci\u00f3n Ventolera del Sur\",\"description\":\"Federaci\u00f3n de Asociaciones Vecinales del municipio de Santa Luc\u00eda de Tirajana\",\"publisher\":{\"@id\":\"https:\/\/ventoleradelsur.com\/#organization\"},\"potentialAction\":[{\"@type\":\"SearchAction\",\"target\":{\"@type\":\"EntryPoint\",\"urlTemplate\":\"https:\/\/ventoleradelsur.com\/?s={search_term_string}\"},\"query-input\":\"required name=search_term_string\"}],\"inLanguage\":\"fr-FR\"},{\"@type\":\"Organization\",\"@id\":\"https:\/\/ventoleradelsur.com\/#organization\",\"name\":\"Ventolera del Sur\",\"url\":\"https:\/\/ventoleradelsur.com\/\",\"logo\":{\"@type\":\"ImageObject\",\"inLanguage\":\"fr-FR\",\"@id\":\"https:\/\/ventoleradelsur.com\/#\/schema\/logo\/image\/\",\"url\":\"https:\/\/ventoleradelsur.com\/wp-content\/uploads\/2020\/07\/ventolera-del-sur-logo.png\",\"contentUrl\":\"https:\/\/ventoleradelsur.com\/wp-content\/uploads\/2020\/07\/ventolera-del-sur-logo.png\",\"width\":600,\"height\":264,\"caption\":\"Ventolera del Sur\"},\"image\":{\"@id\":\"https:\/\/ventoleradelsur.com\/#\/schema\/logo\/image\/\"},\"sameAs\":[\"https:\/\/www.facebook.com\/FederacionVentoleradelSur\",\"https:\/\/www.instagram.com\/federacionventoleradel\/\"]}]}<\/script>\n<!-- \/ Yoast SEO Premium plugin. -->","yoast_head_json":{"title":"Aviso legal - Federaci\u00f3n Ventolera del Sur","robots":{"index":"index","follow":"follow","max-snippet":"max-snippet:-1","max-image-preview":"max-image-preview:large","max-video-preview":"max-video-preview:-1"},"canonical":"https:\/\/ventoleradelsur.com\/fr\/aviso-legal\/","og_locale":"fr_FR","og_type":"article","og_title":"Aviso legal","og_description":"Por favor, lea todos los apartados del presente aviso legal y nuestra pol\u00edtica de privacidad antes de utilizar este sitio web. Las siguientes condiciones son vinculantes para cualquier usuario del mismo. En cumplimiento con el deber de informaci\u00f3n dispuesto en la Ley 34\/2002 de Servicios de la Sociedad de la Informaci\u00f3n y el Comercio Electr\u00f3nico [&hellip;]","og_url":"https:\/\/ventoleradelsur.com\/fr\/aviso-legal\/","og_site_name":"Federaci\u00f3n Ventolera del Sur","article_publisher":"https:\/\/www.facebook.com\/FederacionVentoleradelSur","article_modified_time":"2022-05-06T14:46:06+00:00","og_image":[{"width":1200,"height":453,"url":"https:\/\/ventoleradelsur.com\/wp-content\/uploads\/2022\/03\/Slider-Ventolera-Redes.jpg","type":"image\/jpeg"}],"twitter_card":"summary_large_image","twitter_misc":{"Dur\u00e9e de lecture estim\u00e9e":"5 minutes"},"schema":{"@context":"https:\/\/schema.org","@graph":[{"@type":"WebPage","@id":"https:\/\/ventoleradelsur.com\/aviso-legal\/","url":"https:\/\/ventoleradelsur.com\/aviso-legal\/","name":"Aviso legal - Federaci\u00f3n Ventolera del Sur","isPartOf":{"@id":"https:\/\/ventoleradelsur.com\/#website"},"datePublished":"2022-05-06T14:45:18+00:00","dateModified":"2022-05-06T14:46:06+00:00","breadcrumb":{"@id":"https:\/\/ventoleradelsur.com\/aviso-legal\/#breadcrumb"},"inLanguage":"fr-FR","potentialAction":[{"@type":"ReadAction","target":["https:\/\/ventoleradelsur.com\/aviso-legal\/"]}]},{"@type":"BreadcrumbList","@id":"https:\/\/ventoleradelsur.com\/aviso-legal\/#breadcrumb","itemListElement":[{"@type":"ListItem","position":1,"name":"Portada","item":"https:\/\/ventoleradelsur.com\/"},{"@type":"ListItem","position":2,"name":"Aviso legal"}]},{"@type":"WebSite","@id":"https:\/\/ventoleradelsur.com\/#website","url":"https:\/\/ventoleradelsur.com\/","name":"Federaci\u00f3n Ventolera del Sur","description":"Federaci\u00f3n de Asociaciones Vecinales del municipio de Santa Luc\u00eda de Tirajana","publisher":{"@id":"https:\/\/ventoleradelsur.com\/#organization"},"potentialAction":[{"@type":"SearchAction","target":{"@type":"EntryPoint","urlTemplate":"https:\/\/ventoleradelsur.com\/?s={search_term_string}"},"query-input":"required name=search_term_string"}],"inLanguage":"fr-FR"},{"@type":"Organization","@id":"https:\/\/ventoleradelsur.com\/#organization","name":"Ventolera del Sur","url":"https:\/\/ventoleradelsur.com\/","logo":{"@type":"ImageObject","inLanguage":"fr-FR","@id":"https:\/\/ventoleradelsur.com\/#\/schema\/logo\/image\/","url":"https:\/\/ventoleradelsur.com\/wp-content\/uploads\/2020\/07\/ventolera-del-sur-logo.png","contentUrl":"https:\/\/ventoleradelsur.com\/wp-content\/uploads\/2020\/07\/ventolera-del-sur-logo.png","width":600,"height":264,"caption":"Ventolera del Sur"},"image":{"@id":"https:\/\/ventoleradelsur.com\/#\/schema\/logo\/image\/"},"sameAs":["https:\/\/www.facebook.com\/FederacionVentoleradelSur","https:\/\/www.instagram.com\/federacionventoleradel\/"]}]}},"_links":{"self":[{"href":"https:\/\/ventoleradelsur.com\/fr\/wp-json\/wp\/v2\/pages\/9082"}],"collection":[{"href":"https:\/\/ventoleradelsur.com\/fr\/wp-json\/wp\/v2\/pages"}],"about":[{"href":"https:\/\/ventoleradelsur.com\/fr\/wp-json\/wp\/v2\/types\/page"}],"author":[{"embeddable":true,"href":"https:\/\/ventoleradelsur.com\/fr\/wp-json\/wp\/v2\/users\/1"}],"replies":[{"embeddable":true,"href":"https:\/\/ventoleradelsur.com\/fr\/wp-json\/wp\/v2\/comments?post=9082"}],"version-history":[{"count":0,"href":"https:\/\/ventoleradelsur.com\/fr\/wp-json\/wp\/v2\/pages\/9082\/revisions"}],"wp:attachment":[{"href":"https:\/\/ventoleradelsur.com\/fr\/wp-json\/wp\/v2\/media?parent=9082"}],"curies":[{"name":"wp","href":"https:\/\/api.w.org\/{rel}","templated":true}]}}